{"id":12282,"date":"2020-09-28T12:23:09","date_gmt":"2020-09-28T12:23:09","guid":{"rendered":"http:\/\/www.lebenshilfe-kv-gg.de\/?page_id=12282"},"modified":"2020-09-29T14:48:56","modified_gmt":"2020-09-29T14:48:56","slug":"tanz-und-theater-gruppen","status":"publish","type":"page","link":"https:\/\/www.lebenshilfe-kv-gg.de\/?page_id=12282","title":{"rendered":"Tanz- und Theater-Gruppen"},"content":{"rendered":"<p><button id=\"listenButton1\" class=\"responsivevoice-button\" type=\"button\" value=\"Play\" title=\"ResponsiveVoice Tap to Start\/Stop Speech\"><span>&#128266; Seite vorlesen lassen<\/span><\/button>\n        <script>\n            listenButton1.onclick = function(){\n                if(responsiveVoice.isPlaying()){\n                    responsiveVoice.cancel();\n                }else{\n                    responsiveVoice.speak(\"Mitglieder unseres Vereins k\u00f6nnen an diesen Gruppen teilnehmen. \u00a0 Tanz-Gruppe f\u00fcr Erwachsene Menschen mit Behinderungen Die Gruppe findet einmal in der Woche statt. Die Tanz-Gruppe ist in Gernsheim. Dort lernen die Teilnehmer verschiedene T\u00e4nze. Diese T\u00e4nze hei\u00dfen Hip-Hop und Modern Dancing. Es werden viele Dinge ge\u00fcbt: Geschick Geduld Ausdauer K\u00f6rper-Gef\u00fchl Die Teilnehmer f\u00fchren die T\u00e4nze auf Feiern vor. \u00a0 Gesellschafts-Tanz-Kurs f\u00fcr Teenager und junge Erwachsene Hier werden mehrere T\u00e4nze gelernt. Die T\u00e4nze hei\u00dfen Disco Fox und Disco Chart. Freiwillige Tanz-Lehrer unterrichten den Kurs. Sie zeigen viel Geduld und Fein-Gef\u00fchl. \u00a0 Theater-Gruppe Unsere Theater-Gruppe hei\u00dft Regen-Bogen. Alle 2 Wochen trifft sich die Theater-Gruppe. Sie denken sich Theater-St\u00fccke aus. Dann \u00fcben sie die St\u00fccke ein. Die Theater-Gruppe f\u00fchrt die Theater-St\u00fccke bei Feiern auf.\", \"Deutsch Female\");\n                }\n            };\n        <\/script>\n    <\/p>\n<p>Mitglieder unseres Vereins k\u00f6nnen an diesen Gruppen teilnehmen.<\/p>\n<p>\u00a0<\/p>\n<p><strong>Tanz-Gruppe f\u00fcr Erwachsene Menschen mit Behinderungen<a href=\"https:\/\/www.lebenshilfe-kv-gg.de\/wp-content\/uploads\/2020\/09\/gymnastik.png\"><img loading=\"lazy\" decoding=\"async\" class=\"size-medium wp-image-12334 alignright\" src=\"https:\/\/www.lebenshilfe-kv-gg.de\/wp-content\/uploads\/2020\/09\/gymnastik-300x183.png\" alt=\"\" width=\"300\" height=\"183\" srcset=\"https:\/\/www.lebenshilfe-kv-gg.de\/wp-content\/uploads\/2020\/09\/gymnastik-300x183.png 300w, https:\/\/www.lebenshilfe-kv-gg.de\/wp-content\/uploads\/2020\/09\/gymnastik-768x469.png 768w, https:\/\/www.lebenshilfe-kv-gg.de\/wp-content\/uploads\/2020\/09\/gymnastik-600x366.png 600w, https:\/\/www.lebenshilfe-kv-gg.de\/wp-content\/uploads\/2020\/09\/gymnastik.png 819w\" sizes=\"auto, (max-width: 300px) 100vw, 300px\" \/><\/a><\/strong><\/p>\n<p>Die Gruppe findet einmal in der Woche statt.<\/p>\n<p>Die Tanz-Gruppe ist in Gernsheim.<\/p>\n<p>Dort lernen die Teilnehmer verschiedene T\u00e4nze.<\/p>\n<p>Diese T\u00e4nze hei\u00dfen Hip-Hop und Modern Dancing.<\/p>\n<p>Es werden viele Dinge ge\u00fcbt:<\/p>\n<ul>\n<li>Geschick<\/li>\n<li>Geduld<\/li>\n<li>Ausdauer<\/li>\n<li>K\u00f6rper-Gef\u00fchl<\/li>\n<\/ul>\n<p>Die Teilnehmer f\u00fchren die T\u00e4nze auf Feiern vor.<\/p>\n<p>\u00a0<\/p>\n<p><strong>Gesellschafts-Tanz-Kurs f\u00fcr Teenager und junge Erwachsene<a href=\"https:\/\/www.lebenshilfe-kv-gg.de\/wp-content\/uploads\/2020\/09\/tanzen.png\"><img loading=\"lazy\" decoding=\"async\" class=\"size-medium wp-image-12331 alignright\" src=\"https:\/\/www.lebenshilfe-kv-gg.de\/wp-content\/uploads\/2020\/09\/tanzen-181x300.png\" alt=\"\" width=\"181\" height=\"300\" srcset=\"https:\/\/www.lebenshilfe-kv-gg.de\/wp-content\/uploads\/2020\/09\/tanzen-181x300.png 181w, https:\/\/www.lebenshilfe-kv-gg.de\/wp-content\/uploads\/2020\/09\/tanzen.png 301w\" sizes=\"auto, (max-width: 181px) 100vw, 181px\" \/><\/a><\/strong><\/p>\n<p>Hier werden mehrere T\u00e4nze gelernt.<\/p>\n<p>Die T\u00e4nze hei\u00dfen Disco Fox und Disco Chart.<\/p>\n<p>Freiwillige Tanz-Lehrer unterrichten den Kurs.<\/p>\n<p>Sie zeigen viel Geduld und Fein-Gef\u00fchl.<\/p>\n<p>\u00a0<\/p>\n<p><strong>Theater-Gruppe<\/strong><\/p>\n<p>Unsere Theater-Gruppe hei\u00dft Regen-Bogen.<\/p>\n<p>Alle 2 Wochen trifft sich die Theater-Gruppe.<\/p>\n<p>Sie denken sich Theater-St\u00fccke aus.<\/p>\n<p>Dann \u00fcben sie die St\u00fccke ein.<\/p>\n<p>Die Theater-Gruppe f\u00fchrt die Theater-St\u00fccke bei Feiern auf.<\/p>\n","protected":false},"excerpt":{"rendered":"<p>Mitglieder unseres Vereins k\u00f6nnen an diesen Gruppen teilnehmen. \u00a0 Tanz-Gruppe f\u00fcr Erwachsene Menschen mit Behinderungen Die Gruppe findet einmal in der Woche statt. Die Tanz-Gruppe ist in Gernsheim. Dort lernen <a class=\"more-link\" href=\"https:\/\/www.lebenshilfe-kv-gg.de\/?page_id=12282\">Weiterlesen &#8230; \u2192<\/a><\/p>\n","protected":false},"author":1,"featured_media":0,"parent":12250,"menu_order":5,"comment_status":"closed","ping_status":"closed","template":"","meta":{"footnotes":""},"class_list":["post-12282","page","type-page","status-publish","hentry"],"_links":{"self":[{"href":"https:\/\/www.lebenshilfe-kv-gg.de\/index.php?rest_route=\/wp\/v2\/pages\/12282","targetHints":{"allow":["GET"]}}],"collection":[{"href":"https:\/\/www.lebenshilfe-kv-gg.de\/index.php?rest_route=\/wp\/v2\/pages"}],"about":[{"href":"https:\/\/www.lebenshilfe-kv-gg.de\/index.php?rest_route=\/wp\/v2\/types\/page"}],"author":[{"embeddable":true,"href":"https:\/\/www.lebenshilfe-kv-gg.de\/index.php?rest_route=\/wp\/v2\/users\/1"}],"replies":[{"embeddable":true,"href":"https:\/\/www.lebenshilfe-kv-gg.de\/index.php?rest_route=%2Fwp%2Fv2%2Fcomments&post=12282"}],"version-history":[{"count":3,"href":"https:\/\/www.lebenshilfe-kv-gg.de\/index.php?rest_route=\/wp\/v2\/pages\/12282\/revisions"}],"predecessor-version":[{"id":12354,"href":"https:\/\/www.lebenshilfe-kv-gg.de\/index.php?rest_route=\/wp\/v2\/pages\/12282\/revisions\/12354"}],"up":[{"embeddable":true,"href":"https:\/\/www.lebenshilfe-kv-gg.de\/index.php?rest_route=\/wp\/v2\/pages\/12250"}],"wp:attachment":[{"href":"https:\/\/www.lebenshilfe-kv-gg.de\/index.php?rest_route=%2Fwp%2Fv2%2Fmedia&parent=12282"}],"curies":[{"name":"wp","href":"https:\/\/api.w.org\/{rel}","templated":true}]}}